{"id":8223,"date":"2024-05-29T11:08:45","date_gmt":"2024-05-29T14:08:45","guid":{"rendered":"https:\/\/www.panvel.com\/blog\/?post_type=bula&#038;p=8223"},"modified":"2025-04-08T13:33:19","modified_gmt":"2025-04-08T16:33:19","slug":"valeriana","status":"publish","type":"bula","link":"https:\/\/www.panvel.com\/blog\/tudo-sobre-medicamentos\/valeriana\/","title":{"rendered":"Valeriana: como tomar, bula e muito mais"},"content":{"rendered":"\n<p>A Valeriana ou <em>Valeriana officinalis (nome cient\u00edfico), <\/em>\u00e9 indicada como um sedativo moderado que age no Sistema Nervoso Central.<\/p>\n\n\n\n<h2 class=\"wp-block-heading\">Composi\u00e7\u00e3o da valeriana<\/h2>\n\n\n\n<p>A Valeriana pode ser encontrada em algumas apresenta\u00e7\u00f5es medicamentosas, de diferentes marcas\/laborat\u00f3rios. Veja algumas apresenta\u00e7\u00f5es e suas composi\u00e7\u00f5es:<\/p>\n\n\n\n<p>O <a href=\"https:\/\/www.panvel.com\/panvel\/valerimed-50mg-20-comprimidos-revestidos\/p-120069\">Valerimed 50mg<\/a> \u00e9 composto por 50 mg de extrato seco de <em>Valeriana officinalis, <\/em>com os seguintes excipientes: celulose microcristalina, copovidona, croscarmelose s\u00f3dica, estearato de magn\u00e9sio, di\u00f3xido de tit\u00e2nio e de sil\u00edcio, hipromelose + triacetina e azul de indigotina 132 laca de alum\u00ednio.<\/p>\n\n\n\n<p>O <a href=\"https:\/\/www.panvel.com\/panvel\/sominex-composto\/p-108433\">Sominex Composto<\/a> tem em sua f\u00f3rmula a Valeriana, o Espinheiro e Maracuj\u00e1. Seus excipientes s\u00e3o: di\u00f3xido de sil\u00edcio, croscarmelose s\u00f3dica, celulose microcristalina + lactose monoidratada, estearato de magn\u00e9sio, hipromelose + etilcelulose + citrato e trielila, di\u00f3xido de tit\u00e2nio, azul de indigotina, laca de alum\u00ednio e aroma de menta.<\/p>\n\n\n\n<p>J\u00e1 o <a href=\"https:\/\/www.panvel.com\/panvel\/remilev-250mg-60mg-20-comprimidos-revestidos\/p-905510\">Remilev 250mg\/60mg<\/a> cont\u00e9m em cada comprimido a seguinte formula\u00e7\u00e3o: 250 mg de extrato seco de <em>Valeriana Officinalis<\/em> e 60 mg de extrato seco de <em>Humulus Lupulus. Os<\/em> excipientes s\u00e3o: celulose microcristalina, macrogol, estearato de magn\u00e9sio, \u00f3leo de r\u00edcino, di\u00f3xido de sil\u00edcio, polissacar\u00eddeo de soja, filme de revestimento azul (hipromelose, di\u00f3xido de tit\u00e2nio, macrogol, corante FD&amp;C azul n\u00ba 2), propilenoglicol e aroma de baunilha.<\/p>\n\n\n\n<p>Podem haver diferen\u00e7as em sua composi\u00e7\u00e3o, no entanto, o princ\u00edpio ativo sempre ser\u00e1 a <em>Valeriana Officinalis.<\/em><\/p>\n\n\n\n<h2 class=\"wp-block-heading\">Superdose da valeriana: o que fazer?<\/h2>\n\n\n\n<p>Caso haja superdosagem do medicamento, a ocorr\u00eancia de alguns sintomas leves podem surgir, tais como: tontura, fadiga, c\u00e3ibras abdominais, tensionamento do t\u00f3rax, tremores e midr\u00edase (dilata\u00e7\u00e3o da pupila, por causas n\u00e3o fisiol\u00f3gicas). Os sintomas costumam desaparecer ap\u00f3s 24 horas depois de descontinuar o uso.<\/p>\n\n\n\n<p>Por isso, em caso de superdose, suspenda o uso e procure orienta\u00e7\u00e3o m\u00e9dica para que o controle das fun\u00e7\u00f5es vitais seja realizado e an\u00e1lise de quais medidas ser\u00e3o adotadas.<\/p>\n\n\n\n<h2 class=\"wp-block-heading\">Para que serve a valeriana?<\/h2>\n\n\n\n<p>A Valeriana \u00e9 um sedativo moderado, por isso, \u00e9 caracterizada como um <a href=\"https:\/\/www.panvel.com\/panvel\/medicamentos\/sistema-nervoso\/calmantes\/c-35335\">calmante<\/a>. O medicamento age diretamente no Sistema Nervoso Central, auxiliando pessoas que sofrem de ins\u00f4nia e dist\u00farbios do sono relacionados \u00e0 ansiedade.<\/p>\n\n\n\n<p>A ins\u00f4nia pode ser apresentada de duas formas: pessoas que t\u00eam dificuldade de iniciar a fase do sono e pessoas que despertam v\u00e1rias vezes durante a noite.<\/p>\n\n\n\n<p>Al\u00e9m de auxiliar com a ins\u00f4nia, o m\u00e9dico pode receitar o medicamento tamb\u00e9m para pessoas que sofrem de nervosismo, irritabilidade, agita\u00e7\u00e3o e ansiedade.<\/p>\n\n\n\n<p>Por isso, a Valeriana \u00e9 indicada, pois auxilia no controle do sono e do comportamento, regula o ritmo, aumenta a qualidade do sono e a redu\u00e7\u00e3o de sintomas desconfort\u00e1veis oriundos da ansiedade.<\/p>\n\n\n\n<h2 class=\"wp-block-heading\">Como a Valeriana funciona?<\/h2>\n\n\n\n<p>A Valeriana age no Sistema Nervoso Central, proporcionando tranquilidade e relaxamento, o que gera a diminui\u00e7\u00e3o da atividade cerebral e possibilita que as subst\u00e2ncias que induzem o sono aumentem.<br>Contraindica\u00e7\u00f5es da Valeriana<\/p>\n\n\n\n<p>H\u00e1 algumas contraindica\u00e7\u00f5es ao uso da Valeriana, entre elas est\u00e3o:<\/p>\n\n\n\n<ul>\n<li>alergia ou hipersensibilidade ao extrato de<em> Valeriana Officinalis<\/em> ou outros componentes da f\u00f3rmula;<\/li>\n\n\n\n<li>menores de tr\u00eas anos;<\/li>\n\n\n\n<li>n\u00e3o \u00e9 indicado para gestantes e lactantes (exceto sob orienta\u00e7\u00e3o m\u00e9dica).<\/li>\n<\/ul>\n\n\n\n<p>Em casos de alergia, descontinue o uso do medicamento e caso haja gravidez, informe o seu m\u00e9dico para avaliar se h\u00e1 necessidade de interromper seu uso.<\/p>\n\n\n\n<p>N\u00e3o existem contraindica\u00e7\u00f5es especiais para pacientes idosos. No entanto, n\u00e3o utilize o medicamento sem a prescri\u00e7\u00e3o do seu m\u00e9dico.<\/p>\n\n\n\n<h2 class=\"wp-block-heading\">Como usar a valeriana?<\/h2>\n\n\n\n<p>Os comprimidos de valeriana devem ser ingeridos com um pouco de \u00e1gua e n\u00e3o devem ser partidos ou mastigados.<\/p>\n\n\n\n<p>Em geral, a dosagem indicada \u00e9 de dois a tr\u00eas comprimidos e devem ser tomados por no m\u00ednimo uma hora antes de se deitar.<\/p>\n\n\n\n<p>\u00c9 importante seguir as orienta\u00e7\u00f5es m\u00e9dicas de hor\u00e1rio, dosagem e dura\u00e7\u00e3o do tratamento prescrito pelo especialista.<\/p>\n\n\n\n<h2 class=\"wp-block-heading\">O que fazer se eu esquecer de usar a valeriana?<\/h2>\n\n\n\n<p>Se voc\u00ea esquecer de tomar seu comprimido, pule a dose do hor\u00e1rio esquecido e continue o tratamento conforme a orienta\u00e7\u00e3o do seu m\u00e9dico. N\u00e3o dobre a quantidade de comprimidos para compensar o medicamento esquecido.<\/p>\n\n\n\n<h2 class=\"wp-block-heading\">Cuidados ao usar a valeriana<\/h2>\n\n\n\n<p>Por se tratar de um promotor do sono, \u00e9 normal que o uso do medicamento cause sonol\u00eancia. Por este motivo, n\u00e3o \u00e9 recomend\u00e1vel que dirija, opere m\u00e1quinas ou realize qualquer atividade que necessite de aten\u00e7\u00e3o ap\u00f3s o uso da medica\u00e7\u00e3o.<\/p>\n\n\n\n<p>N\u00e3o fa\u00e7a uso do medicamento durante a gravidez e a amamenta\u00e7\u00e3o sem avalia\u00e7\u00e3o e prescri\u00e7\u00e3o m\u00e9dica.<\/p>\n\n\n\n<p>O uso da valeriana \u00e9 indicado para adultos, n\u00e3o podendo ser utilizado por crian\u00e7as menores de tr\u00eas anos.<\/p>\n\n\n\n<h2 class=\"wp-block-heading\">Intera\u00e7\u00f5es medicamentosas<\/h2>\n\n\n\n<p>Os medicamentos \u00e0 base de <em>Valeriana Officinalis<\/em> podem estimular a a\u00e7\u00e3o de outros medicamentos depressores (respons\u00e1veis por diminuir o n\u00edvel de atividade no c\u00e9rebro) do Sistema Nervoso Central.<\/p>\n\n\n\n<p>Alguns estudos realizados em animais apresentaram efeito aditivo quando o uso foi concomitante a medicamentos depressores do Sistema Nervoso Central, como por exemplo, os barbit\u00faricos, os anest\u00e9sicos e os benzodiazep\u00ednicos.<\/p>\n\n\n\n<p>Informe ao seu m\u00e9dico o uso de outros medicamentos para an\u00e1lise da intera\u00e7\u00e3o medicamentosa. Siga as recomenda\u00e7\u00f5es m\u00e9dicas.<\/p>\n\n\n\n<p>\u00c9 indicado n\u00e3o fazer o uso de medicamentos com a ingest\u00e3o de bebidas alco\u00f3licas, pelo poss\u00edvel aumento dos efeitos sedativos.<\/p>\n\n\n\n<h2 class=\"wp-block-heading\">Efeitos colaterais da Valeriana<\/h2>\n\n\n\n<p>Os efeitos colaterais mencionados foram leves e raros, entre eles est\u00e3o:<\/p>\n\n\n\n<ul>\n<li>indisposi\u00e7\u00e3o gastrointestinal;<\/li>\n\n\n\n<li>alergias de contato;<\/li>\n\n\n\n<li>tontura;<\/li>\n\n\n\n<li>dor de cabe\u00e7a;<\/li>\n\n\n\n<li>midr\u00edase<\/li>\n<\/ul>\n\n\n\n<p>A longo prazo, o uso da valeriana pode trazer alguns sintomas, s\u00e3o eles:<\/p>\n\n\n\n<ul>\n<li>cansa\u00e7o;<\/li>\n\n\n\n<li>dor de cabe\u00e7a;<\/li>\n\n\n\n<li>ins\u00f4nia;<\/li>\n\n\n\n<li>midr\u00edase;<\/li>\n\n\n\n<li>desordens card\u00edacas;<\/li>\n\n\n\n<li>abstin\u00eancia - com a retirada repentina do medicamento.<\/li>\n<\/ul>\n\n\n\n<p>Caso haja rea\u00e7\u00f5es adversas pelo uso do medicamento informe o seu m\u00e9dico.<\/p>\n\n\n\n<h2 class=\"wp-block-heading\">Como guardar a valeriana?<\/h2>\n\n\n\n<p>N\u00e3o h\u00e1 grandes necessidades no armazenamento da Valeriana. Deve-se seguir as recomenda\u00e7\u00f5es b\u00e1sicas para guardar o medicamento: mant\u00ea-lo na embalagem original, em temperatura ambiente e longe da luz e umidade.<\/p>\n\n\n\n<h2 class=\"wp-block-heading\">Perguntas frequentes sobre a valeriana<\/h2>\n\n\n\n<h3 class=\"wp-block-heading\">Qual \u00e9 o melhor hor\u00e1rio para tomar valeriana?<\/h3>\n\n\n\n<p>O ideal \u00e9 que o medicamento seja ingerido no m\u00ednimo com uma hora de anteced\u00eancia antes de dormir.<\/p>\n\n\n\n<h3 class=\"wp-block-heading\">Como a valeriana age na ansiedade?<\/h3>\n\n\n\n<p>A valeriana atua no sistema nervoso central, como um regulador e promotor do sono, produzindo um efeito calmante. O medicamento auxilia na diminui\u00e7\u00e3o do medo, do estresse e da ansiedade.<\/p>\n\n\n\n<h3 class=\"wp-block-heading\">O que \u00e9 melhor passiflora ou valeriana?<\/h3>\n\n\n\n<p>A passiflora \u00e9 obtida por meio do extrato das folhas do maracuj\u00e1 e \u00e9 indicado como sedativo j\u00e1 a valeriana \u00e9 retirada das ra\u00edzes da <em>Valeriana Officinalis<\/em> e pode ser indicada como calmante, sedativo e ansiol\u00edtico, isso torna o medicamento a base de valeriana mais completo e abrangente.<\/p>\n\n\n\n<p>Os medicamentos \u00e0 base de <a href=\"https:\/\/www.panvel.com\/panvel\/buscarProduto.do?termoPesquisa=valeriana\">Valeriana<\/a> podem ser um aliado para quem sofre de dist\u00farbios do sono, ins\u00f4nia e ansiedade. Se voc\u00ea tem alguma queixa relacionada a esses problemas, precisa procurar atendimento m\u00e9dico.<\/p>\n\n\n\n<p>Ap\u00f3s o in\u00edcio do tratamento, siga as recomenda\u00e7\u00f5es de armazenamento descritas na embalagem do medicamento, por exemplo: mantenha fora do alcance das crian\u00e7as, evite o uso sem prescri\u00e7\u00e3o m\u00e9dica, se os sintomas persistirem consulte um m\u00e9dico imediatamente.<\/p>\n\n\n\n<p>Na Panvel voc\u00ea encontra o medicamento nas tr\u00eas vers\u00f5es apresentadas neste artigo. Com a qualidade e o pre\u00e7o justo que voc\u00ea espera!<\/p>\n","protected":false},"featured_media":3105,"template":"","acf":[],"yoast_head":"<!-- This site is optimized with the Yoast SEO plugin v20.7 - https:\/\/yoast.com\/wordpress\/plugins\/seo\/ -->\n<title>Valeriana: veja a bula descomplicada<\/title>\n<meta name=\"description\" content=\"A Valeriana atua como um agente promotor do sono e no tratamento dos dist\u00farbios do sono, causados pela ansiedade. Saiba tudo sobre esse agente motivador.\" \/>\n<meta name=\"robots\" content=\"index, follow, max-snippet:-1, max-image-preview:large, max-video-preview:-1\" \/>\n<link rel=\"canonical\" href=\"https:\/\/www.panvel.com\/blog\/tudo-sobre-medicamentos\/valeriana\/\" \/>\n<meta property=\"og:locale\" content=\"pt_BR\" \/>\n<meta property=\"og:type\" content=\"article\" \/>\n<meta property=\"og:title\" content=\"Valeriana: veja a bula descomplicada\" \/>\n<meta property=\"og:description\" content=\"A Valeriana atua como um agente promotor do sono e no tratamento dos dist\u00farbios do sono, causados pela ansiedade. Saiba tudo sobre esse agente motivador.\" \/>\n<meta property=\"og:url\" content=\"https:\/\/www.panvel.com\/blog\/tudo-sobre-medicamentos\/valeriana\/\" \/>\n<meta property=\"og:site_name\" content=\"Blog Bem Panvel\" \/>\n<meta property=\"article:modified_time\" content=\"2025-04-08T16:33:19+00:00\" \/>\n<meta property=\"og:image\" content=\"https:\/\/www.panvel.com\/blog\/wp-content\/uploads\/2021\/07\/medicamento.jpg\" \/>\n\t<meta property=\"og:image:width\" content=\"282\" \/>\n\t<meta property=\"og:image:height\" content=\"282\" \/>\n\t<meta property=\"og:image:type\" content=\"image\/jpeg\" \/>\n<meta name=\"twitter:card\" content=\"summary_large_image\" \/>\n<script type=\"application\/ld+json\" class=\"yoast-schema-graph\">{\"@context\":\"https:\/\/schema.org\",\"@graph\":[{\"@type\":\"WebPage\",\"@id\":\"https:\/\/www.panvel.com\/blog\/tudo-sobre-medicamentos\/valeriana\/\",\"url\":\"https:\/\/www.panvel.com\/blog\/tudo-sobre-medicamentos\/valeriana\/\",\"name\":\"Valeriana: veja a bula descomplicada\",\"isPartOf\":{\"@id\":\"https:\/\/www.panvel.com\/blog\/#website\"},\"datePublished\":\"2024-05-29T14:08:45+00:00\",\"dateModified\":\"2025-04-08T16:33:19+00:00\",\"description\":\"A Valeriana atua como um agente promotor do sono e no tratamento dos dist\u00farbios do sono, causados pela ansiedade. Saiba tudo sobre esse agente motivador.\",\"breadcrumb\":{\"@id\":\"https:\/\/www.panvel.com\/blog\/tudo-sobre-medicamentos\/valeriana\/#breadcrumb\"},\"inLanguage\":\"pt-BR\",\"potentialAction\":[{\"@type\":\"ReadAction\",\"target\":[\"https:\/\/www.panvel.com\/blog\/tudo-sobre-medicamentos\/valeriana\/\"]}]},{\"@type\":\"BreadcrumbList\",\"@id\":\"https:\/\/www.panvel.com\/blog\/tudo-sobre-medicamentos\/valeriana\/#breadcrumb\",\"itemListElement\":[{\"@type\":\"ListItem\",\"position\":1,\"name\":\"Home\",\"item\":\"https:\/\/www.panvel.com\/blog\/\"},{\"@type\":\"ListItem\",\"position\":2,\"name\":\"Medicamentos\",\"item\":\"https:\/\/www.panvel.com\/blog\/tudo-sobre-medicamentos\/\"},{\"@type\":\"ListItem\",\"position\":3,\"name\":\"Valeriana: como tomar, bula e muito mais\"}]},{\"@type\":\"WebSite\",\"@id\":\"https:\/\/www.panvel.com\/blog\/#website\",\"url\":\"https:\/\/www.panvel.com\/blog\/\",\"name\":\"Blog Bem Panvel\",\"description\":\"Aqui voc\u00ea encontra conte\u00fados e dicas de sa\u00fade, beleza, bem-estar e muito mais.\",\"publisher\":{\"@id\":\"https:\/\/www.panvel.com\/blog\/#organization\"},\"potentialAction\":[{\"@type\":\"SearchAction\",\"target\":{\"@type\":\"EntryPoint\",\"urlTemplate\":\"https:\/\/www.panvel.com\/blog\/?s={search_term_string}\"},\"query-input\":\"required name=search_term_string\"}],\"inLanguage\":\"pt-BR\"},{\"@type\":\"Organization\",\"@id\":\"https:\/\/www.panvel.com\/blog\/#organization\",\"name\":\"Panvel Farm\u00e1cias\",\"url\":\"https:\/\/www.panvel.com\/blog\/\",\"logo\":{\"@type\":\"ImageObject\",\"inLanguage\":\"pt-BR\",\"@id\":\"https:\/\/www.panvel.com\/blog\/#\/schema\/logo\/image\/\",\"url\":\"https:\/\/www.panvel.com\/blog\/wp-content\/uploads\/2020\/10\/logo.png\",\"contentUrl\":\"https:\/\/www.panvel.com\/blog\/wp-content\/uploads\/2020\/10\/logo.png\",\"width\":402,\"height\":53,\"caption\":\"Panvel Farm\u00e1cias\"},\"image\":{\"@id\":\"https:\/\/www.panvel.com\/blog\/#\/schema\/logo\/image\/\"}}]}<\/script>\n<!-- \/ Yoast SEO plugin. -->","yoast_head_json":{"title":"Valeriana: veja a bula descomplicada","description":"A Valeriana atua como um agente promotor do sono e no tratamento dos dist\u00farbios do sono, causados pela ansiedade. Saiba tudo sobre esse agente motivador.","robots":{"index":"index","follow":"follow","max-snippet":"max-snippet:-1","max-image-preview":"max-image-preview:large","max-video-preview":"max-video-preview:-1"},"canonical":"https:\/\/www.panvel.com\/blog\/tudo-sobre-medicamentos\/valeriana\/","og_locale":"pt_BR","og_type":"article","og_title":"Valeriana: veja a bula descomplicada","og_description":"A Valeriana atua como um agente promotor do sono e no tratamento dos dist\u00farbios do sono, causados pela ansiedade. Saiba tudo sobre esse agente motivador.","og_url":"https:\/\/www.panvel.com\/blog\/tudo-sobre-medicamentos\/valeriana\/","og_site_name":"Blog Bem Panvel","article_modified_time":"2025-04-08T16:33:19+00:00","og_image":[{"width":282,"height":282,"url":"https:\/\/www.panvel.com\/blog\/wp-content\/uploads\/2021\/07\/medicamento.jpg","type":"image\/jpeg"}],"twitter_card":"summary_large_image","schema":{"@context":"https:\/\/schema.org","@graph":[{"@type":"WebPage","@id":"https:\/\/www.panvel.com\/blog\/tudo-sobre-medicamentos\/valeriana\/","url":"https:\/\/www.panvel.com\/blog\/tudo-sobre-medicamentos\/valeriana\/","name":"Valeriana: veja a bula descomplicada","isPartOf":{"@id":"https:\/\/www.panvel.com\/blog\/#website"},"datePublished":"2024-05-29T14:08:45+00:00","dateModified":"2025-04-08T16:33:19+00:00","description":"A Valeriana atua como um agente promotor do sono e no tratamento dos dist\u00farbios do sono, causados pela ansiedade. Saiba tudo sobre esse agente motivador.","breadcrumb":{"@id":"https:\/\/www.panvel.com\/blog\/tudo-sobre-medicamentos\/valeriana\/#breadcrumb"},"inLanguage":"pt-BR","potentialAction":[{"@type":"ReadAction","target":["https:\/\/www.panvel.com\/blog\/tudo-sobre-medicamentos\/valeriana\/"]}]},{"@type":"BreadcrumbList","@id":"https:\/\/www.panvel.com\/blog\/tudo-sobre-medicamentos\/valeriana\/#breadcrumb","itemListElement":[{"@type":"ListItem","position":1,"name":"Home","item":"https:\/\/www.panvel.com\/blog\/"},{"@type":"ListItem","position":2,"name":"Medicamentos","item":"https:\/\/www.panvel.com\/blog\/tudo-sobre-medicamentos\/"},{"@type":"ListItem","position":3,"name":"Valeriana: como tomar, bula e muito mais"}]},{"@type":"WebSite","@id":"https:\/\/www.panvel.com\/blog\/#website","url":"https:\/\/www.panvel.com\/blog\/","name":"Blog Bem Panvel","description":"Aqui voc\u00ea encontra conte\u00fados e dicas de sa\u00fade, beleza, bem-estar e muito mais.","publisher":{"@id":"https:\/\/www.panvel.com\/blog\/#organization"},"potentialAction":[{"@type":"SearchAction","target":{"@type":"EntryPoint","urlTemplate":"https:\/\/www.panvel.com\/blog\/?s={search_term_string}"},"query-input":"required name=search_term_string"}],"inLanguage":"pt-BR"},{"@type":"Organization","@id":"https:\/\/www.panvel.com\/blog\/#organization","name":"Panvel Farm\u00e1cias","url":"https:\/\/www.panvel.com\/blog\/","logo":{"@type":"ImageObject","inLanguage":"pt-BR","@id":"https:\/\/www.panvel.com\/blog\/#\/schema\/logo\/image\/","url":"https:\/\/www.panvel.com\/blog\/wp-content\/uploads\/2020\/10\/logo.png","contentUrl":"https:\/\/www.panvel.com\/blog\/wp-content\/uploads\/2020\/10\/logo.png","width":402,"height":53,"caption":"Panvel Farm\u00e1cias"},"image":{"@id":"https:\/\/www.panvel.com\/blog\/#\/schema\/logo\/image\/"}}]}},"_links":{"self":[{"href":"https:\/\/www.panvel.com\/blog\/wp-json\/wp\/v2\/bula\/8223"}],"collection":[{"href":"https:\/\/www.panvel.com\/blog\/wp-json\/wp\/v2\/bula"}],"about":[{"href":"https:\/\/www.panvel.com\/blog\/wp-json\/wp\/v2\/types\/bula"}],"wp:featuredmedia":[{"embeddable":true,"href":"https:\/\/www.panvel.com\/blog\/wp-json\/wp\/v2\/media\/3105"}],"wp:attachment":[{"href":"https:\/\/www.panvel.com\/blog\/wp-json\/wp\/v2\/media?parent=8223"}],"curies":[{"name":"wp","href":"https:\/\/api.w.org\/{rel}","templated":true}]}}